{"id":2272,"date":"2024-08-23T22:14:20","date_gmt":"2024-08-23T22:14:20","guid":{"rendered":"https:\/\/innovaforum.udg.mx\/?page_id=2272"},"modified":"2024-08-29T17:19:21","modified_gmt":"2024-08-29T17:19:21","slug":"premio-a-la-practica-docente-innovadora","status":"publish","type":"page","link":"https:\/\/innovaforum.udg.mx\/edicion_2024\/premio-a-la-practica-docente-innovadora\/","title":{"rendered":"Premio a la pr\u00e1ctica docente innovadora"},"content":{"rendered":"\t\t<div data-elementor-type=\"wp-page\" data-elementor-id=\"2272\" class=\"elementor elementor-2272\" data-elementor-post-type=\"page\">\n\t\t\t\t<div class=\"elementor-element elementor-element-40ff8e1 e-con-full e-flex e-con e-parent\" data-id=\"40ff8e1\" data-element_type=\"container\" data-settings=\"{&quot;background_background&quot;:&quot;classic&quot;}\">\n\t\t\t\t<div class=\"elementor-element elementor-element-ebd15a8 elementor-nav-menu__align-end elementor-nav-menu--dropdown-tablet elementor-nav-menu__text-align-aside elementor-nav-menu--toggle elementor-nav-menu--burger elementor-widget elementor-widget-nav-menu\" data-id=\"ebd15a8\" data-element_type=\"widget\" data-settings=\"{&quot;layout&quot;:&quot;horizontal&quot;,&quot;submenu_icon&quot;:{&quot;value&quot;:&quot;&lt;svg class=\\&quot;e-font-icon-svg e-fas-caret-down\\&quot; viewBox=\\&quot;0 0 320 512\\&quot; xmlns=\\&quot;http:\\\/\\\/www.w3.org\\\/2000\\\/svg\\&quot;&gt;&lt;path d=\\&quot;M31.3 192h257.3c17.8 0 26.7 21.5 14.1 34.1L174.1 354.8c-7.8 7.8-20.5 7.8-28.3 0L17.2 226.1C4.6 213.5 13.5 192 31.3 192z\\&quot;&gt;&lt;\\\/path&gt;&lt;\\\/svg&gt;&quot;,&quot;library&quot;:&quot;fa-solid&quot;},&quot;toggle&quot;:&quot;burger&quot;}\" data-widget_type=\"nav-menu.default\">\n\t\t\t\t<div class=\"elementor-widget-container\">\n\t\t\t\t\t\t\t\t<nav aria-label=\"Menu\" class=\"elementor-nav-menu--main elementor-nav-menu__container elementor-nav-menu--layout-horizontal e--pointer-underline e--animation-fade\">\n\t\t\t\t<ul id=\"menu-1-ebd15a8\" class=\"elementor-nav-menu\"><li class=\"menu-item menu-item-type-post_type menu-item-object-page menu-item-home menu-item-425\"><a href=\"https:\/\/innovaforum.udg.mx\/edicion_2024\/\" class=\"elementor-item\">PRINCIPAL<\/a><\/li>\n<li class=\"menu-item menu-item-type-post_type menu-item-object-page menu-item-1827\"><a href=\"https:\/\/innovaforum.udg.mx\/edicion_2024\/expertos_2024\/\" class=\"elementor-item\">EXPERTOS<\/a><\/li>\n<li class=\"menu-item menu-item-type-post_type menu-item-object-page menu-item-1612\"><a href=\"https:\/\/innovaforum.udg.mx\/edicion_2024\/programa-3-de-septiembre-2024\/\" class=\"elementor-item\">PROGRAMA<\/a><\/li>\n<li class=\"menu-item menu-item-type-post_type menu-item-object-page menu-item-1878\"><a href=\"https:\/\/innovaforum.udg.mx\/edicion_2024\/convocatoria\/\" class=\"elementor-item\">CONVOCATORIA<\/a><\/li>\n<li class=\"menu-item menu-item-type-post_type menu-item-object-page menu-item-2407\"><a href=\"https:\/\/innovaforum.udg.mx\/edicion_2024\/premio-a-la-practica-docente-innovadora\/\" class=\"elementor-item\">PREMIO<\/a><\/li>\n<li class=\"menu-item menu-item-type-custom menu-item-object-custom menu-item-426\"><a href=\"https:\/\/innovaforum.udg.mx\/innovas\/home.php\" class=\"elementor-item\">EDICI\u00d3N 2023<\/a><\/li>\n<\/ul>\t\t\t<\/nav>\n\t\t\t\t\t<div class=\"elementor-menu-toggle\" role=\"button\" tabindex=\"0\" aria-label=\"Menu Toggle\" aria-expanded=\"false\">\n\t\t\t<svg aria-hidden=\"true\" role=\"presentation\" class=\"elementor-menu-toggle__icon--open e-font-icon-svg e-eicon-menu-bar\" viewBox=\"0 0 1000 1000\" xmlns=\"http:\/\/www.w3.org\/2000\/svg\"><path d=\"M104 333H896C929 333 958 304 958 271S929 208 896 208H104C71 208 42 237 42 271S71 333 104 333ZM104 583H896C929 583 958 554 958 521S929 458 896 458H104C71 458 42 487 42 521S71 583 104 583ZM104 833H896C929 833 958 804 958 771S929 708 896 708H104C71 708 42 737 42 771S71 833 104 833Z\"><\/path><\/svg><svg aria-hidden=\"true\" role=\"presentation\" class=\"elementor-menu-toggle__icon--close e-font-icon-svg e-eicon-close\" viewBox=\"0 0 1000 1000\" xmlns=\"http:\/\/www.w3.org\/2000\/svg\"><path d=\"M742 167L500 408 258 167C246 154 233 150 217 150 196 150 179 158 167 167 154 179 150 196 150 212 150 229 154 242 171 254L408 500 167 742C138 771 138 800 167 829 196 858 225 858 254 829L496 587 738 829C750 842 767 846 783 846 800 846 817 842 829 829 842 817 846 804 846 783 846 767 842 750 829 737L588 500 833 258C863 229 863 200 833 171 804 137 775 137 742 167Z\"><\/path><\/svg>\t\t<\/div>\n\t\t\t\t\t<nav class=\"elementor-nav-menu--dropdown elementor-nav-menu__container\" aria-hidden=\"true\">\n\t\t\t\t<ul id=\"menu-2-ebd15a8\" class=\"elementor-nav-menu\"><li class=\"menu-item menu-item-type-post_type menu-item-object-page menu-item-home menu-item-425\"><a href=\"https:\/\/innovaforum.udg.mx\/edicion_2024\/\" class=\"elementor-item\" tabindex=\"-1\">PRINCIPAL<\/a><\/li>\n<li class=\"menu-item menu-item-type-post_type menu-item-object-page menu-item-1827\"><a href=\"https:\/\/innovaforum.udg.mx\/edicion_2024\/expertos_2024\/\" class=\"elementor-item\" tabindex=\"-1\">EXPERTOS<\/a><\/li>\n<li class=\"menu-item menu-item-type-post_type menu-item-object-page menu-item-1612\"><a href=\"https:\/\/innovaforum.udg.mx\/edicion_2024\/programa-3-de-septiembre-2024\/\" class=\"elementor-item\" tabindex=\"-1\">PROGRAMA<\/a><\/li>\n<li class=\"menu-item menu-item-type-post_type menu-item-object-page menu-item-1878\"><a href=\"https:\/\/innovaforum.udg.mx\/edicion_2024\/convocatoria\/\" class=\"elementor-item\" tabindex=\"-1\">CONVOCATORIA<\/a><\/li>\n<li class=\"menu-item menu-item-type-post_type menu-item-object-page menu-item-2407\"><a href=\"https:\/\/innovaforum.udg.mx\/edicion_2024\/premio-a-la-practica-docente-innovadora\/\" class=\"elementor-item\" tabindex=\"-1\">PREMIO<\/a><\/li>\n<li class=\"menu-item menu-item-type-custom menu-item-object-custom menu-item-426\"><a href=\"https:\/\/innovaforum.udg.mx\/innovas\/home.php\" class=\"elementor-item\" tabindex=\"-1\">EDICI\u00d3N 2023<\/a><\/li>\n<\/ul>\t\t\t<\/nav>\n\t\t\t\t\t\t<\/div>\n\t\t\t\t<\/div>\n\t\t\t\t<div class=\"elementor-element elementor-element-c83f5f3 elementor-widget elementor-widget-image\" data-id=\"c83f5f3\" data-element_type=\"widget\" data-widget_type=\"image.default\">\n\t\t\t\t<div class=\"elementor-widget-container\">\n\t\t\t\t\t\t\t\t\t\t\t\t\t\t\t<img fetchpriority=\"high\" decoding=\"async\" width=\"800\" height=\"95\" src=\"https:\/\/innovaforum.udg.mx\/edicion_2024\/wp-content\/uploads\/2024\/05\/texto2-1024x121.png\" class=\"attachment-large size-large wp-image-751\" alt=\"\" srcset=\"https:\/\/innovaforum.udg.mx\/edicion_2024\/wp-content\/uploads\/2024\/05\/texto2-1024x121.png 1024w, https:\/\/innovaforum.udg.mx\/edicion_2024\/wp-content\/uploads\/2024\/05\/texto2-300x35.png 300w, https:\/\/innovaforum.udg.mx\/edicion_2024\/wp-content\/uploads\/2024\/05\/texto2-768x91.png 768w, https:\/\/innovaforum.udg.mx\/edicion_2024\/wp-content\/uploads\/2024\/05\/texto2-1536x181.png 1536w, https:\/\/innovaforum.udg.mx\/edicion_2024\/wp-content\/uploads\/2024\/05\/texto2.png 1585w\" sizes=\"(max-width: 800px) 100vw, 800px\" \/>\t\t\t\t\t\t\t\t\t\t\t\t\t\t\t<\/div>\n\t\t\t\t<\/div>\n\t\t\t\t<\/div>\n\t\t<div class=\"elementor-element elementor-element-dac8390 e-flex e-con-boxed e-con e-parent\" data-id=\"dac8390\" data-element_type=\"container\" data-settings=\"{&quot;background_background&quot;:&quot;classic&quot;}\">\n\t\t\t\t\t<div class=\"e-con-inner\">\n\t\t\t\t<div class=\"elementor-element elementor-element-3b11d6a elementor-widget elementor-widget-heading\" data-id=\"3b11d6a\" data-element_type=\"widget\" data-widget_type=\"heading.default\">\n\t\t\t\t<div class=\"elementor-widget-container\">\n\t\t\t\t\t<h2 class=\"elementor-heading-title elementor-size-default\">PREMIO A LA PR\u00c1CTICA DOCENTE INNOVADORA 2024<\/h2>\t\t\t\t<\/div>\n\t\t\t\t<\/div>\n\t\t\t\t<div class=\"elementor-element elementor-element-13738ba elementor-icon-list--layout-traditional elementor-list-item-link-full_width elementor-widget elementor-widget-icon-list\" data-id=\"13738ba\" data-element_type=\"widget\" data-widget_type=\"icon-list.default\">\n\t\t\t\t<div class=\"elementor-widget-container\">\n\t\t\t\t\t\t\t<ul class=\"elementor-icon-list-items\">\n\t\t\t\t\t\t\t<li class=\"elementor-icon-list-item\">\n\t\t\t\t\t\t\t\t\t\t\t<span class=\"elementor-icon-list-icon\">\n\t\t\t\t\t\t\t<svg aria-hidden=\"true\" class=\"e-font-icon-svg e-far-lightbulb\" viewBox=\"0 0 352 512\" xmlns=\"http:\/\/www.w3.org\/2000\/svg\"><path d=\"M176 80c-52.94 0-96 43.06-96 96 0 8.84 7.16 16 16 16s16-7.16 16-16c0-35.3 28.72-64 64-64 8.84 0 16-7.16 16-16s-7.16-16-16-16zM96.06 459.17c0 3.15.93 6.22 2.68 8.84l24.51 36.84c2.97 4.46 7.97 7.14 13.32 7.14h78.85c5.36 0 10.36-2.68 13.32-7.14l24.51-36.84c1.74-2.62 2.67-5.7 2.68-8.84l.05-43.18H96.02l.04 43.18zM176 0C73.72 0 0 82.97 0 176c0 44.37 16.45 84.85 43.56 115.78 16.64 18.99 42.74 58.8 52.42 92.16v.06h48v-.12c-.01-4.77-.72-9.51-2.15-14.07-5.59-17.81-22.82-64.77-62.17-109.67-20.54-23.43-31.52-53.15-31.61-84.14-.2-73.64 59.67-128 127.95-128 70.58 0 128 57.42 128 128 0 30.97-11.24 60.85-31.65 84.14-39.11 44.61-56.42 91.47-62.1 109.46a47.507 47.507 0 0 0-2.22 14.3v.1h48v-.05c9.68-33.37 35.78-73.18 52.42-92.16C335.55 260.85 352 220.37 352 176 352 78.8 273.2 0 176 0z\"><\/path><\/svg>\t\t\t\t\t\t<\/span>\n\t\t\t\t\t\t\t\t\t\t<span class=\"elementor-icon-list-text\">Resultados<\/span>\n\t\t\t\t\t\t\t\t\t<\/li>\n\t\t\t\t\t\t<\/ul>\n\t\t\t\t\t\t<\/div>\n\t\t\t\t<\/div>\n\t\t\t\t<div class=\"elementor-element elementor-element-455e7db elementor-align-center elementor-widget elementor-widget-button\" data-id=\"455e7db\" data-element_type=\"widget\" data-widget_type=\"button.default\">\n\t\t\t\t<div class=\"elementor-widget-container\">\n\t\t\t\t\t\t\t\t\t<div class=\"elementor-button-wrapper\">\n\t\t\t\t\t<a class=\"elementor-button elementor-button-link elementor-size-sm\" href=\"https:\/\/innovaforum.udg.mx\/edicion_2024\/wp-content\/uploads\/2024\/08\/Resultados-Convocatoria-Premio-Innova-Forum.pdf\" target=\"_blank\">\n\t\t\t\t\t\t<span class=\"elementor-button-content-wrapper\">\n\t\t\t\t\t\t\t\t\t<span class=\"elementor-button-text\">CONSULTAR RESULTADOS<\/span>\n\t\t\t\t\t<\/span>\n\t\t\t\t\t<\/a>\n\t\t\t\t<\/div>\n\t\t\t\t\t\t\t\t<\/div>\n\t\t\t\t<\/div>\n\t\t\t\t<div class=\"elementor-element elementor-element-3f3edbe elementor-widget elementor-widget-heading\" data-id=\"3f3edbe\" data-element_type=\"widget\" data-widget_type=\"heading.default\">\n\t\t\t\t<div class=\"elementor-widget-container\">\n\t\t\t\t\t<h2 class=\"elementor-heading-title elementor-size-default\">CONVOCATORIA <\/h2>\t\t\t\t<\/div>\n\t\t\t\t<\/div>\n\t\t\t\t<div class=\"elementor-element elementor-element-b1bbdee elementor-icon-list--layout-traditional elementor-list-item-link-full_width elementor-widget elementor-widget-icon-list\" data-id=\"b1bbdee\" data-element_type=\"widget\" data-widget_type=\"icon-list.default\">\n\t\t\t\t<div class=\"elementor-widget-container\">\n\t\t\t\t\t\t\t<ul class=\"elementor-icon-list-items\">\n\t\t\t\t\t\t\t<li class=\"elementor-icon-list-item\">\n\t\t\t\t\t\t\t\t\t\t\t<span class=\"elementor-icon-list-icon\">\n\t\t\t\t\t\t\t<svg aria-hidden=\"true\" class=\"e-font-icon-svg e-far-lightbulb\" viewBox=\"0 0 352 512\" xmlns=\"http:\/\/www.w3.org\/2000\/svg\"><path d=\"M176 80c-52.94 0-96 43.06-96 96 0 8.84 7.16 16 16 16s16-7.16 16-16c0-35.3 28.72-64 64-64 8.84 0 16-7.16 16-16s-7.16-16-16-16zM96.06 459.17c0 3.15.93 6.22 2.68 8.84l24.51 36.84c2.97 4.46 7.97 7.14 13.32 7.14h78.85c5.36 0 10.36-2.68 13.32-7.14l24.51-36.84c1.74-2.62 2.67-5.7 2.68-8.84l.05-43.18H96.02l.04 43.18zM176 0C73.72 0 0 82.97 0 176c0 44.37 16.45 84.85 43.56 115.78 16.64 18.99 42.74 58.8 52.42 92.16v.06h48v-.12c-.01-4.77-.72-9.51-2.15-14.07-5.59-17.81-22.82-64.77-62.17-109.67-20.54-23.43-31.52-53.15-31.61-84.14-.2-73.64 59.67-128 127.95-128 70.58 0 128 57.42 128 128 0 30.97-11.24 60.85-31.65 84.14-39.11 44.61-56.42 91.47-62.1 109.46a47.507 47.507 0 0 0-2.22 14.3v.1h48v-.05c9.68-33.37 35.78-73.18 52.42-92.16C335.55 260.85 352 220.37 352 176 352 78.8 273.2 0 176 0z\"><\/path><\/svg>\t\t\t\t\t\t<\/span>\n\t\t\t\t\t\t\t\t\t\t<span class=\"elementor-icon-list-text\">Objetivo<\/span>\n\t\t\t\t\t\t\t\t\t<\/li>\n\t\t\t\t\t\t<\/ul>\n\t\t\t\t\t\t<\/div>\n\t\t\t\t<\/div>\n\t\t\t\t<div class=\"elementor-element elementor-element-3536609 elementor-widget elementor-widget-heading\" data-id=\"3536609\" data-element_type=\"widget\" data-widget_type=\"heading.default\">\n\t\t\t\t<div class=\"elementor-widget-container\">\n\t\t\t\t\t<h2 class=\"elementor-heading-title elementor-size-default\">Impulsar y reconocer acciones de innovaci\u00f3n en la pr\u00e1ctica docente, desarrolladas por acad\u00e9micos de la Red Universitaria, que tienen incidencia en la formaci\u00f3n de competencias para el desarrollo integral de los estudiantes.<\/h2>\t\t\t\t<\/div>\n\t\t\t\t<\/div>\n\t\t\t\t<div class=\"elementor-element elementor-element-225f98e elementor-widget elementor-widget-heading\" data-id=\"225f98e\" data-element_type=\"widget\" data-widget_type=\"heading.default\">\n\t\t\t\t<div class=\"elementor-widget-container\">\n\t\t\t\t\t<h2 class=\"elementor-heading-title elementor-size-default\">El premio busca valorar el papel del docente como agente fundamental de la transformaci\u00f3n educativa y social.<\/h2>\t\t\t\t<\/div>\n\t\t\t\t<\/div>\n\t\t\t\t<div class=\"elementor-element elementor-element-a792583 elementor-icon-list--layout-traditional elementor-list-item-link-full_width elementor-widget elementor-widget-icon-list\" data-id=\"a792583\" data-element_type=\"widget\" data-widget_type=\"icon-list.default\">\n\t\t\t\t<div class=\"elementor-widget-container\">\n\t\t\t\t\t\t\t<ul class=\"elementor-icon-list-items\">\n\t\t\t\t\t\t\t<li class=\"elementor-icon-list-item\">\n\t\t\t\t\t\t\t\t\t\t\t<span class=\"elementor-icon-list-icon\">\n\t\t\t\t\t\t\t<svg aria-hidden=\"true\" class=\"e-font-icon-svg e-far-lightbulb\" viewBox=\"0 0 352 512\" xmlns=\"http:\/\/www.w3.org\/2000\/svg\"><path d=\"M176 80c-52.94 0-96 43.06-96 96 0 8.84 7.16 16 16 16s16-7.16 16-16c0-35.3 28.72-64 64-64 8.84 0 16-7.16 16-16s-7.16-16-16-16zM96.06 459.17c0 3.15.93 6.22 2.68 8.84l24.51 36.84c2.97 4.46 7.97 7.14 13.32 7.14h78.85c5.36 0 10.36-2.68 13.32-7.14l24.51-36.84c1.74-2.62 2.67-5.7 2.68-8.84l.05-43.18H96.02l.04 43.18zM176 0C73.72 0 0 82.97 0 176c0 44.37 16.45 84.85 43.56 115.78 16.64 18.99 42.74 58.8 52.42 92.16v.06h48v-.12c-.01-4.77-.72-9.51-2.15-14.07-5.59-17.81-22.82-64.77-62.17-109.67-20.54-23.43-31.52-53.15-31.61-84.14-.2-73.64 59.67-128 127.95-128 70.58 0 128 57.42 128 128 0 30.97-11.24 60.85-31.65 84.14-39.11 44.61-56.42 91.47-62.1 109.46a47.507 47.507 0 0 0-2.22 14.3v.1h48v-.05c9.68-33.37 35.78-73.18 52.42-92.16C335.55 260.85 352 220.37 352 176 352 78.8 273.2 0 176 0z\"><\/path><\/svg>\t\t\t\t\t\t<\/span>\n\t\t\t\t\t\t\t\t\t\t<span class=\"elementor-icon-list-text\">Requisitos<\/span>\n\t\t\t\t\t\t\t\t\t<\/li>\n\t\t\t\t\t\t<\/ul>\n\t\t\t\t\t\t<\/div>\n\t\t\t\t<\/div>\n\t\t\t\t<div class=\"elementor-element elementor-element-2de2722 elementor-widget elementor-widget-text-editor\" data-id=\"2de2722\" data-element_type=\"widget\" data-widget_type=\"text-editor.default\">\n\t\t\t\t<div class=\"elementor-widget-container\">\n\t\t\t\t\t\t\t\t\t<ul><li>Ser miembro del personal acad\u00e9mico y docente adscrito a la Universidad de Guadalajara.<\/li><li>La pr\u00e1ctica docente innovadora debe responder a alguna de las categor\u00edas de participaci\u00f3n de esta<br \/>convocatoria.<\/li><li>La pr\u00e1ctica docente innovadora debe haber sido realizada en los \u00faltimos 4 ciclos escolares (2024-A,<br \/>2023-B, 2023-A, 2022-B).<\/li><\/ul>\t\t\t\t\t\t\t\t<\/div>\n\t\t\t\t<\/div>\n\t\t\t\t<div class=\"elementor-element elementor-element-47a273b elementor-icon-list--layout-traditional elementor-list-item-link-full_width elementor-widget elementor-widget-icon-list\" data-id=\"47a273b\" data-element_type=\"widget\" data-widget_type=\"icon-list.default\">\n\t\t\t\t<div class=\"elementor-widget-container\">\n\t\t\t\t\t\t\t<ul class=\"elementor-icon-list-items\">\n\t\t\t\t\t\t\t<li class=\"elementor-icon-list-item\">\n\t\t\t\t\t\t\t\t\t\t\t<span class=\"elementor-icon-list-icon\">\n\t\t\t\t\t\t\t<svg aria-hidden=\"true\" class=\"e-font-icon-svg e-far-lightbulb\" viewBox=\"0 0 352 512\" xmlns=\"http:\/\/www.w3.org\/2000\/svg\"><path d=\"M176 80c-52.94 0-96 43.06-96 96 0 8.84 7.16 16 16 16s16-7.16 16-16c0-35.3 28.72-64 64-64 8.84 0 16-7.16 16-16s-7.16-16-16-16zM96.06 459.17c0 3.15.93 6.22 2.68 8.84l24.51 36.84c2.97 4.46 7.97 7.14 13.32 7.14h78.85c5.36 0 10.36-2.68 13.32-7.14l24.51-36.84c1.74-2.62 2.67-5.7 2.68-8.84l.05-43.18H96.02l.04 43.18zM176 0C73.72 0 0 82.97 0 176c0 44.37 16.45 84.85 43.56 115.78 16.64 18.99 42.74 58.8 52.42 92.16v.06h48v-.12c-.01-4.77-.72-9.51-2.15-14.07-5.59-17.81-22.82-64.77-62.17-109.67-20.54-23.43-31.52-53.15-31.61-84.14-.2-73.64 59.67-128 127.95-128 70.58 0 128 57.42 128 128 0 30.97-11.24 60.85-31.65 84.14-39.11 44.61-56.42 91.47-62.1 109.46a47.507 47.507 0 0 0-2.22 14.3v.1h48v-.05c9.68-33.37 35.78-73.18 52.42-92.16C335.55 260.85 352 220.37 352 176 352 78.8 273.2 0 176 0z\"><\/path><\/svg>\t\t\t\t\t\t<\/span>\n\t\t\t\t\t\t\t\t\t\t<span class=\"elementor-icon-list-text\">Proceso de registro y envio de la propuesta<\/span>\n\t\t\t\t\t\t\t\t\t<\/li>\n\t\t\t\t\t\t<\/ul>\n\t\t\t\t\t\t<\/div>\n\t\t\t\t<\/div>\n\t\t\t\t<div class=\"elementor-element elementor-element-32fdf16 elementor-widget elementor-widget-text-editor\" data-id=\"32fdf16\" data-element_type=\"widget\" data-widget_type=\"text-editor.default\">\n\t\t\t\t<div class=\"elementor-widget-container\">\n\t\t\t\t\t\t\t\t\t<p>El registro de la propuesta se llevar\u00e1 a cabo a trav\u00e9s de la p\u00e1gina <a href=\"https:\/\/innovaforum.udg.mx\">https:\/\/innovaforum.udg.mx<\/a> y deber\u00e1<br \/>especificar:<\/p><p>1. T\u00edtulo de la propuesta<br \/>2. Categor\u00eda de participaci\u00f3n.<br \/>3. Descripci\u00f3n del desaf\u00edo o reto identificado.<br \/>4. Justificaci\u00f3n de la propuesta.<br \/>5. Objetivo de la propuesta.<br \/>6. Descripci\u00f3n general:\u00a0 temporalidad, planeaci\u00f3n, estrategias, puesta en marcha, recursos utilizados y\/o forma de evaluaci\u00f3n.<br \/>7. Reflexi\u00f3n sobre la contribuci\u00f3n de la estrategia en el aprendizaje de los estudiantes.<br \/>8. Video en el que describa la pr\u00e1ctica docente con una duraci\u00f3n m\u00e1xima de 5 minutos (anexar el link del video: YouTube, WeTransfer, Google Drive, etc.).<\/p>\t\t\t\t\t\t\t\t<\/div>\n\t\t\t\t<\/div>\n\t\t\t\t<div class=\"elementor-element elementor-element-e0a04e5 elementor-widget elementor-widget-heading\" data-id=\"e0a04e5\" data-element_type=\"widget\" data-widget_type=\"heading.default\">\n\t\t\t\t<div class=\"elementor-widget-container\">\n\t\t\t\t\t<h2 class=\"elementor-heading-title elementor-size-default\">Fechas importantes<\/h2>\t\t\t\t<\/div>\n\t\t\t\t<\/div>\n\t\t\t\t<div class=\"elementor-element elementor-element-958424b elementor-widget elementor-widget-text-editor\" data-id=\"958424b\" data-element_type=\"widget\" data-widget_type=\"text-editor.default\">\n\t\t\t\t<div class=\"elementor-widget-container\">\n\t\t\t\t\t\t\t\t\t<ul><li data-elementor-setting-key=\"title\" data-pen-placeholder=\"Teclea aqu\u00ed...\">Apertura para el registro de propuestas: <strong><span style=\"color: #5346bd;\">16 de mayo<\/span>\u00a0<\/strong><\/li><li data-elementor-setting-key=\"title\" data-pen-placeholder=\"Teclea aqu\u00ed...\">Fecha l\u00edmite para el registro de postulaciones: <strong><span style=\"color: #5346bd;\">4 de agosto<\/span><\/strong><\/li><li data-elementor-setting-key=\"title\" data-pen-placeholder=\"Teclea aqu\u00ed...\">Publicaci\u00f3n de resultados: <strong><span style=\"color: #5346bd;\">26 de agosto<\/span><\/strong><\/li><\/ul>\t\t\t\t\t\t\t\t<\/div>\n\t\t\t\t<\/div>\n\t\t\t\t<div class=\"elementor-element elementor-element-942259d elementor-widget elementor-widget-heading\" data-id=\"942259d\" data-element_type=\"widget\" data-widget_type=\"heading.default\">\n\t\t\t\t<div class=\"elementor-widget-container\">\n\t\t\t\t\t<h2 class=\"elementor-heading-title elementor-size-default\">Categor\u00edas de participaci\u00f3n<\/h2>\t\t\t\t<\/div>\n\t\t\t\t<\/div>\n\t\t\t\t<div class=\"elementor-element elementor-element-44fbb4d elementor-widget elementor-widget-heading\" data-id=\"44fbb4d\" data-element_type=\"widget\" data-widget_type=\"heading.default\">\n\t\t\t\t<div class=\"elementor-widget-container\">\n\t\t\t\t\t<h2 class=\"elementor-heading-title elementor-size-default\">1. Innovaci\u00f3n tecnopedag\u00f3gica en la pr\u00e1ctica docente<\/h2>\t\t\t\t<\/div>\n\t\t\t\t<\/div>\n\t\t\t\t<div class=\"elementor-element elementor-element-a9a4e1d elementor-widget elementor-widget-text-editor\" data-id=\"a9a4e1d\" data-element_type=\"widget\" data-widget_type=\"text-editor.default\">\n\t\t\t\t<div class=\"elementor-widget-container\">\n\t\t\t\t\t\t\t\t\t<p>Esta categor\u00eda tiene como prop\u00f3sito reconocer las pr\u00e1cticas docentes innovadoras relacionadas al uso de las tecnolog\u00edas enfocadas al desarrollo de recursos educativos que consideran las metas de aprendizaje a lograr en los estudiantes. Reconoce la implementaci\u00f3n de metodolog\u00edas activas en la pr\u00e1ctica docente y el dise\u00f1o de ambientes de aprendizaje para el logro de competencias en las y los estudiantes a trav\u00e9s de \u00e9stas. Se consideran tambi\u00e9n pr\u00e1cticas enfocadas al proceso de evaluaci\u00f3n del aprendizaje y el dise\u00f1o de instrumentos para estos fines.<\/p><ul><li>Uso de la tecnolog\u00eda educativa en el dise\u00f1o de estrategias de ense\u00f1anza-aprendizaje.<\/li><li>Desarrollo de recursos educativos.<\/li><li>Implementaci\u00f3n de metodolog\u00edas activas y\/o estrategias did\u00e1cticas innovadoras.<\/li><li>Dise\u00f1o de estrategias de evaluaci\u00f3n del aprendizaje a trav\u00e9s procesos o herramientas innovadoras.<\/li><\/ul>\t\t\t\t\t\t\t\t<\/div>\n\t\t\t\t<\/div>\n\t\t\t\t<div class=\"elementor-element elementor-element-a50a516 elementor-widget elementor-widget-heading\" data-id=\"a50a516\" data-element_type=\"widget\" data-widget_type=\"heading.default\">\n\t\t\t\t<div class=\"elementor-widget-container\">\n\t\t\t\t\t<h2 class=\"elementor-heading-title elementor-size-default\">2. Estrategias innovadoras para la formaci\u00f3n integral<\/h2>\t\t\t\t<\/div>\n\t\t\t\t<\/div>\n\t\t\t\t<div class=\"elementor-element elementor-element-a69dde9 elementor-widget elementor-widget-text-editor\" data-id=\"a69dde9\" data-element_type=\"widget\" data-widget_type=\"text-editor.default\">\n\t\t\t\t<div class=\"elementor-widget-container\">\n\t\t\t\t\t\t\t\t\t<p>Las propuestas en esta categor\u00eda tienen como objetivo reconocer el desarrollo de estrategias de aprendizaje y acompa\u00f1amiento que aporten a la generaci\u00f3n de competencias en los estudiantes que promuevan el desarrollo de una trayectoria acad\u00e9mica exitosa y la potencial integraci\u00f3n al campo laboral a trav\u00e9s de acciones y actividades culturales, sustentables, deportivas, art\u00edsticas y que consideren el cuidado de la salud.<\/p><ul><li>Experiencias para favorecer el desarrollo de competencias transversales (para la vida y el trabajo) en los estudiantes.<\/li><li>Acciones formativas que consideren actividades deportivas, art\u00edsticas, culturales, sustentables y de la salud en su pr\u00e1ctica docente.<\/li><li>Experiencias innovadoras en la tutor\u00eda.<\/li><\/ul>\t\t\t\t\t\t\t\t<\/div>\n\t\t\t\t<\/div>\n\t\t\t\t<div class=\"elementor-element elementor-element-3dae3d8 elementor-widget elementor-widget-heading\" data-id=\"3dae3d8\" data-element_type=\"widget\" data-widget_type=\"heading.default\">\n\t\t\t\t<div class=\"elementor-widget-container\">\n\t\t\t\t\t<h2 class=\"elementor-heading-title elementor-size-default\">3. Estrategias docentes innovadoras para equidad social<\/h2>\t\t\t\t<\/div>\n\t\t\t\t<\/div>\n\t\t\t\t<div class=\"elementor-element elementor-element-8c44856 elementor-widget elementor-widget-text-editor\" data-id=\"8c44856\" data-element_type=\"widget\" data-widget_type=\"text-editor.default\">\n\t\t\t\t<div class=\"elementor-widget-container\">\n\t\t\t\t\t\t\t\t\t<p>Esta categor\u00eda est\u00e1 enfocada a reconocer las pr\u00e1cticas de ense\u00f1anza -aprendizaje que favorecen el desarrollo en los estudiantes de la importancia del respeto de los derechos humanos, la inclusi\u00f3n y la equidad, as\u00ed como el valor del di\u00e1logo arm\u00f3nico, solidario y respetuoso entre las culturas.<\/p><ul><li>Dise\u00f1o de ambientes de ense\u00f1anza-aprendizaje o propuestas acad\u00e9micas que fomenten o favorezcan la inclusi\u00f3n, la equidad y la interculturalidad, entre otros.<\/li><\/ul>\t\t\t\t\t\t\t\t<\/div>\n\t\t\t\t<\/div>\n\t\t\t\t<div class=\"elementor-element elementor-element-6320c3e elementor-widget elementor-widget-heading\" data-id=\"6320c3e\" data-element_type=\"widget\" data-widget_type=\"heading.default\">\n\t\t\t\t<div class=\"elementor-widget-container\">\n\t\t\t\t\t<h2 class=\"elementor-heading-title elementor-size-default\">4. Estrategias docentes para el desarrollo social\n<\/h2>\t\t\t\t<\/div>\n\t\t\t\t<\/div>\n\t\t\t\t<div class=\"elementor-element elementor-element-4a8a691 elementor-widget elementor-widget-text-editor\" data-id=\"4a8a691\" data-element_type=\"widget\" data-widget_type=\"text-editor.default\">\n\t\t\t\t<div class=\"elementor-widget-container\">\n\t\t\t\t\t\t\t\t\t<p>Esta categor\u00eda tiene como finalidad reconocer experiencias de aprendizaje dise\u00f1adas e implementadas por los docentes que fomenten la responsabilidad social, as\u00ed como un rol activo en los estudiantes en el planteamiento de estrategias que traten de dar respuesta a problem\u00e1ticas de su contexto social, que cultiven los valores para la conformaci\u00f3n de una sociedad m\u00e1s justa, incluyente y promuevan el cuidado del ambiente y el desarrollo sostenible, etc.<\/p><ul><li>Dise\u00f1o de experiencias de aprendizaje relacionadas con acciones que favorezcan la sensibilizaci\u00f3n, la comprensi\u00f3n y la atenci\u00f3n de problem\u00e1ticas del entorno.<\/li><\/ul>\t\t\t\t\t\t\t\t<\/div>\n\t\t\t\t<\/div>\n\t\t\t\t<div class=\"elementor-element elementor-element-aa4e25d elementor-widget elementor-widget-heading\" data-id=\"aa4e25d\" data-element_type=\"widget\" data-widget_type=\"heading.default\">\n\t\t\t\t<div class=\"elementor-widget-container\">\n\t\t\t\t\t<h2 class=\"elementor-heading-title elementor-size-default\">Proceso de evaluaci\u00f3n y dictamen<\/h2>\t\t\t\t<\/div>\n\t\t\t\t<\/div>\n\t\t\t\t<div class=\"elementor-element elementor-element-bc9d02f elementor-widget elementor-widget-text-editor\" data-id=\"bc9d02f\" data-element_type=\"widget\" data-widget_type=\"text-editor.default\">\n\t\t\t\t<div class=\"elementor-widget-container\">\n\t\t\t\t\t\t\t\t\t<p>Se integrar\u00e1 un jurado con personal acad\u00e9mico reconocido por su calidad y trayectoria en el campo de la educaci\u00f3n superior y la docencia de diferentes Instituciones de Educaci\u00f3n Superior para evaluar, dictaminar y decidir sobre la experiencia acreedora al Reconocimiento. <br \/>La pr\u00e1ctica docente innovadora ser\u00e1 dictaminada por pares acad\u00e9micos en una evaluaci\u00f3n doble ciego con base en los siguientes criterios:<\/p><ol><li>Claridad en la definici\u00f3n y relaci\u00f3n del desaf\u00edo o reto, objetivos, descripci\u00f3n y congruencia.<\/li><li><span style=\"text-align: var(--text-align);\">Pertinencia de la propuesta.<\/span><\/li><li><span style=\"text-align: var(--text-align);\">Relevancia en relaci\u00f3n a los desaf\u00edos de la educaci\u00f3n superior en el \u00e1mbito de la docencia.<br \/><\/span><\/li><li><span style=\"text-align: var(--text-align);\">Originalidad de la propuesta en el contexto institucional.<\/span><\/li><li><span style=\"text-align: var(--text-align);\">Contribuci\u00f3n de la innovaci\u00f3n a la mejora de procesos educativos.<\/span><\/li><\/ol>\t\t\t\t\t\t\t\t<\/div>\n\t\t\t\t<\/div>\n\t\t\t\t<div class=\"elementor-element elementor-element-4412056 elementor-widget elementor-widget-text-editor\" data-id=\"4412056\" data-element_type=\"widget\" data-widget_type=\"text-editor.default\">\n\t\t\t\t<div class=\"elementor-widget-container\">\n\t\t\t\t\t\t\t\t\t<p>El dictamen emitido ser\u00e1 definitivo e inapelable.<br \/><br \/>El resultado se publicar\u00e1 en la p\u00e1gina web del Innova Forum: <a href=\"https:\/\/innovaforum.udg.mx\">https:\/\/innovaforum.udg.mx<\/a><\/p>\t\t\t\t\t\t\t\t<\/div>\n\t\t\t\t<\/div>\n\t\t\t\t<div class=\"elementor-element elementor-element-1d09739 elementor-widget elementor-widget-heading\" data-id=\"1d09739\" data-element_type=\"widget\" data-widget_type=\"heading.default\">\n\t\t\t\t<div class=\"elementor-widget-container\">\n\t\t\t\t\t<h2 class=\"elementor-heading-title elementor-size-default\">Distinci\u00f3n<\/h2>\t\t\t\t<\/div>\n\t\t\t\t<\/div>\n\t\t\t\t<div class=\"elementor-element elementor-element-731de25 elementor-widget elementor-widget-text-editor\" data-id=\"731de25\" data-element_type=\"widget\" data-widget_type=\"text-editor.default\">\n\t\t\t\t<div class=\"elementor-widget-container\">\n\t\t\t\t\t\t\t\t\t<p>Las propuestas ganadoras se presentar\u00e1n en el marco del <span style=\"color: #5346bd;\"><strong>Encuentro de Innovaci\u00f3n Educativa \u201cInnova Forum 2024\u201d<\/strong><\/span>, con sede Conjunto Santander de Artes Esc\u00e9nicas Centro Cultural Universitario, ubicado en Perif\u00e9rico Norte #799, Col. Belenes, C.P. 45100, Zapopan, Jalisco.<\/p><p>El personal acad\u00e9mico que resulte ganador en las categor\u00edas de participaci\u00f3n, ser\u00e1 acreedor a:<\/p><p><span style=\"color: #5346bd;\"><strong> 1er. lugar: Computadora port\u00e1til + Licencia CANVA Pro<\/strong><\/span><br \/><span style=\"color: #5346bd;\"><strong>2do. lugar: iPad + Licencia CANVA Pro<\/strong><\/span><br \/><span style=\"color: #5346bd;\"><strong>3er. lugar: Tablet Android + Licencia CANVA Pro<\/strong><\/span><\/p><p>Todos los ganadores recibir\u00e1n un reconocimiento avalado por la Universidad de Guadalajara de conformidad con el dictamen correspondiente.<\/p><p>Por otro lado, con el objetivo de dar a conocer las propuestas de innovaci\u00f3n participantes en la convocatoria se llevar\u00e1n a cabo distintas estrategias de difusi\u00f3n.<\/p><p>En caso de ser necesario, el comit\u00e9 dictaminador podr\u00e1 solicitar mayor informaci\u00f3n de la propuesta de innovaci\u00f3n.<\/p><p>Cualquier asunto no previsto en la presente convocatoria ser\u00e1 resuelto por la Coordinaci\u00f3n General Acad\u00e9mica y de Innovaci\u00f3n de la Universidad de Guadalajara.<\/p>\t\t\t\t\t\t\t\t<\/div>\n\t\t\t\t<\/div>\n\t\t\t\t<div class=\"elementor-element elementor-element-630081c elementor-widget elementor-widget-heading\" data-id=\"630081c\" data-element_type=\"widget\" data-widget_type=\"heading.default\">\n\t\t\t\t<div class=\"elementor-widget-container\">\n\t\t\t\t\t<h2 class=\"elementor-heading-title elementor-size-default\">Mayores informes\n<\/h2>\t\t\t\t<\/div>\n\t\t\t\t<\/div>\n\t\t\t\t<div class=\"elementor-element elementor-element-f0412f5 elementor-widget elementor-widget-text-editor\" data-id=\"f0412f5\" data-element_type=\"widget\" data-widget_type=\"text-editor.default\">\n\t\t\t\t<div class=\"elementor-widget-container\">\n\t\t\t\t\t\t\t\t\t<p>P\u00e1gina oficial del evento Innova Forum: <a href=\"http:\/\/innovaforum.udg.mx\">http:\/\/innovaforum.udg.mx<\/a><br \/>Correo oficial del evento: <a href=\"mailto:premio.innovaciondocente@udg.mx\" target=\"_blank\" rel=\"noopener\">premio.innovaciondocente@udg.mx<\/a><\/p>\t\t\t\t\t\t\t\t<\/div>\n\t\t\t\t<\/div>\n\t\t\t\t<div class=\"elementor-element elementor-element-f3ff3fe elementor-align-center elementor-widget elementor-widget-button\" data-id=\"f3ff3fe\" data-element_type=\"widget\" data-widget_type=\"button.default\">\n\t\t\t\t<div class=\"elementor-widget-container\">\n\t\t\t\t\t\t\t\t\t<div class=\"elementor-button-wrapper\">\n\t\t\t\t\t<a class=\"elementor-button elementor-button-link elementor-size-sm\" href=\"https:\/\/docs.google.com\/forms\/d\/e\/1FAIpQLScS--y68q5jHBbe-I6_gzBM9Vf4utdJEH-58rKUEnJLi28kOQ\/closedform?pli=1\" target=\"_blank\">\n\t\t\t\t\t\t<span class=\"elementor-button-content-wrapper\">\n\t\t\t\t\t\t\t\t\t<span class=\"elementor-button-text\">REGISTRO DE LA PROPUESTA<\/span>\n\t\t\t\t\t<\/span>\n\t\t\t\t\t<\/a>\n\t\t\t\t<\/div>\n\t\t\t\t\t\t\t\t<\/div>\n\t\t\t\t<\/div>\n\t\t\t\t\t<\/div>\n\t\t\t\t<\/div>\n\t\t<div class=\"elementor-element elementor-element-9e963ed e-con-full e-flex e-con e-parent\" data-id=\"9e963ed\" data-element_type=\"container\" data-settings=\"{&quot;background_background&quot;:&quot;classic&quot;}\">\n\t\t\t\t<div class=\"elementor-element elementor-element-c87405f elementor-widget elementor-widget-image\" data-id=\"c87405f\" data-element_type=\"widget\" data-widget_type=\"image.default\">\n\t\t\t\t<div class=\"elementor-widget-container\">\n\t\t\t\t\t\t\t\t\t\t\t\t\t\t\t<img decoding=\"async\" width=\"2560\" height=\"1917\" src=\"https:\/\/innovaforum.udg.mx\/edicion_2024\/wp-content\/uploads\/2024\/05\/footer-scaled.jpg\" class=\"attachment-full size-full wp-image-402\" alt=\"\" srcset=\"https:\/\/innovaforum.udg.mx\/edicion_2024\/wp-content\/uploads\/2024\/05\/footer-scaled.jpg 2560w, https:\/\/innovaforum.udg.mx\/edicion_2024\/wp-content\/uploads\/2024\/05\/footer-300x225.jpg 300w, https:\/\/innovaforum.udg.mx\/edicion_2024\/wp-content\/uploads\/2024\/05\/footer-1024x767.jpg 1024w, https:\/\/innovaforum.udg.mx\/edicion_2024\/wp-content\/uploads\/2024\/05\/footer-768x575.jpg 768w, https:\/\/innovaforum.udg.mx\/edicion_2024\/wp-content\/uploads\/2024\/05\/footer-1536x1150.jpg 1536w, https:\/\/innovaforum.udg.mx\/edicion_2024\/wp-content\/uploads\/2024\/05\/footer-2048x1534.jpg 2048w\" sizes=\"(max-width: 2560px) 100vw, 2560px\" \/>\t\t\t\t\t\t\t\t\t\t\t\t\t\t\t<\/div>\n\t\t\t\t<\/div>\n\t\t\t\t<\/div>\n\t\t\t\t<\/div>\n\t\t","protected":false},"excerpt":{"rendered":"<p>PREMIO A LA PR\u00c1CTICA DOCENTE INNOVADORA 2024 Resultados CONSULTAR RESULTADOS CONVOCATORIA Objetivo Impulsar y reconocer acciones de innovaci\u00f3n en la pr\u00e1ctica docente, desarrolladas por acad\u00e9micos de la Red Universitaria, que tienen incidencia en la formaci\u00f3n de competencias para el desarrollo integral de los estudiantes. El premio busca valorar el papel del docente como agente fundamental [&hellip;]<\/p>\n","protected":false},"author":1,"featured_media":0,"parent":0,"menu_order":0,"comment_status":"closed","ping_status":"closed","template":"elementor_canvas","meta":{"_acf_changed":false,"footnotes":""},"class_list":["post-2272","page","type-page","status-publish","hentry"],"acf":[],"_links":{"self":[{"href":"https:\/\/innovaforum.udg.mx\/edicion_2024\/wp-json\/wp\/v2\/pages\/2272","targetHints":{"allow":["GET"]}}],"collection":[{"href":"https:\/\/innovaforum.udg.mx\/edicion_2024\/wp-json\/wp\/v2\/pages"}],"about":[{"href":"https:\/\/innovaforum.udg.mx\/edicion_2024\/wp-json\/wp\/v2\/types\/page"}],"author":[{"embeddable":true,"href":"https:\/\/innovaforum.udg.mx\/edicion_2024\/wp-json\/wp\/v2\/users\/1"}],"replies":[{"embeddable":true,"href":"https:\/\/innovaforum.udg.mx\/edicion_2024\/wp-json\/wp\/v2\/comments?post=2272"}],"version-history":[{"count":6,"href":"https:\/\/innovaforum.udg.mx\/edicion_2024\/wp-json\/wp\/v2\/pages\/2272\/revisions"}],"predecessor-version":[{"id":2406,"href":"https:\/\/innovaforum.udg.mx\/edicion_2024\/wp-json\/wp\/v2\/pages\/2272\/revisions\/2406"}],"wp:attachment":[{"href":"https:\/\/innovaforum.udg.mx\/edicion_2024\/wp-json\/wp\/v2\/media?parent=2272"}],"curies":[{"name":"wp","href":"https:\/\/api.w.org\/{rel}","templated":true}]}}